{"id":546,"date":"2024-06-26T13:23:36","date_gmt":"2024-06-26T10:23:36","guid":{"rendered":"https:\/\/www.guzeldagtekstil.com.tr\/tr\/?page_id=546"},"modified":"2024-06-26T14:26:29","modified_gmt":"2024-06-26T11:26:29","slug":"cerez-politikasi","status":"publish","type":"page","link":"https:\/\/www.guzeldagtekstil.com.tr\/tr\/cerez-politikasi","title":{"rendered":"\u00c7erez Politikas\u0131"},"content":{"rendered":"\n<h2 class=\"wp-block-heading has-text-align-center\">G\u00dcZELDA\u011e TEKST\u0130L DER\u0130C\u0130L\u0130K SANAY\u0130 VE T\u0130CARET L\u0130M\u0130TED \u015e\u0130RKET\u0130<br>\u00c7EREZ POL\u0130T\u0130KASI<\/h2>\n\n\n\n<p>\u0130\u015fbu \u00c7erez Politikas\u0131 (k\u0131saca \u201c<strong>Politika<\/strong>\u201d olarak an\u0131lacakt\u0131r.); G\u00fczelda\u011f Tekstil Dericilik Sanayi ve Ticaret Limited \u015eirketi (bundan b\u00f6yle \u201c<strong>G\u00fczelda\u011f Tekstil<\/strong>\u201d olarak an\u0131lacakt\u0131r.) taraf\u0131ndan y\u00fcr\u00fct\u00fclen internet siteleri ve mobil platformlar, \u00fc\u00e7\u00fcnc\u00fc parti programlar veya internet siteleri \u00fczerinden eri\u015filen, kullan\u0131lan platformlar\u0131n hepsi i\u00e7in ge\u00e7erlidir.<\/p>\n\n\n\n<p>Web sitemize \u015fahsi herhangi bir bilgi vermeden ziyaret edebilir, \u00fcr\u00fcnlerimiz ve servislerimiz hakk\u0131nda bilgi alarak ihtiya\u00e7lar\u0131n\u0131z\u0131 kar\u015f\u0131layabilirsiniz. Ziyaretlerde site kullan\u0131m\u0131na ili\u015fkin bilgi toplamak i\u00e7in \u00e7erez kullan\u0131lmaktad\u0131r. Buradaki amac\u0131m\u0131z; web sitemizi ziyaret eden kullan\u0131c\u0131ya kolayl\u0131k sa\u011flamak ve i\u015fleyi\u015fi daha iyiye nas\u0131l ta\u015f\u0131yabilece\u011fimizi anlamakt\u0131r.<\/p>\n\n\n\n<p>\u00c7erez bir internet sitesinin d\u00fczg\u00fcn bir \u015fekilde \u00e7al\u0131\u015fmas\u0131, kullan\u0131c\u0131 deneyiminin iyile\u015ftirilmesi, sitenin geli\u015ftirilmesi ve optimize edilmesi, daha uygun, ilgiye dayal\u0131 reklam sunma, ziyaret\u00e7iler i\u00e7in ilgi \u00e7ekici ve ki\u015fiselle\u015ftirilmi\u015f bir internet sitesi\/uygulama ve reklam portf\u00f6y\u00fc sunmak amac\u0131yla cihazlara (bilgisayar, telefon, tablet) yerle\u015ftirilen k\u00fc\u00e7\u00fck veri par\u00e7ac\u0131klar\u0131d\u0131r.<\/p>\n\n\n\n<p><strong>\u00c7erez T\u00fcrleri:<\/strong> \u00c7erezler farkl\u0131 s\u0131n\u0131fland\u0131rma t\u00fcrlerine g\u00f6re farkl\u0131 t\u00fcrlerde g\u00f6r\u00fcnebilirler.<\/p>\n\n\n\n<p>Ge\u00e7erlilik s\u00fcrelerine g\u00f6re Kal\u0131c\u0131 \u00c7erez ve Ge\u00e7ici \u00c7erez olarak iki \u00e7erez tipi bulunmaktad\u0131r. Ge\u00e7ici \u00e7erezler internet sitesini ziyaret etti\u011finiz esnada olu\u015fturulur ve sadece taray\u0131c\u0131n\u0131z\u0131 kapat\u0131ncaya kadar ge\u00e7erlidirler. Kal\u0131c\u0131 \u00e7erezler ise internet sitesini ziyaret etti\u011finizde olu\u015fturulur ve siz silinceye veya s\u00fcreleri doluncaya kadar kal\u0131rlar. Ayarlar\u0131n\u0131z ile uyumlu ki\u015fiselle\u015ftirilmi\u015f bir deneyim sunma gibi i\u015flemler yapmak i\u00e7in kal\u0131c\u0131 \u00e7erezler kullan\u0131l\u0131rlar.<\/p>\n\n\n\n<p>Zorunlu \u00e7erezler internet sitesinin d\u00fczg\u00fcn bir \u015fekilde \u00e7al\u0131\u015fabilmesi ve kullan\u0131c\u0131lar\u0131n sitede gezinme ve \u00f6zelliklerinden yararlanmas\u0131n\u0131 sa\u011flar. Zorunlu \u00e7erezler anonim niteliktedirler.<\/p>\n\n\n\n<p><strong>\u0130\u015flevsel ve Analitik \u00e7erezler<\/strong> tercihlerinizi hat\u0131rlamak, internet sitesinin etkin \u015fekilde kullan\u0131lmas\u0131, sitenin kullan\u0131c\u0131 isteklerine cevap verecek \u015fekilde optimize edilmesi ve ziyaret\u00e7ilerin siteyi nas\u0131l kulland\u0131\u011f\u0131 hakk\u0131nda verileri i\u00e7erir. Niteli\u011fi gere\u011fi bu t\u00fcrdeki \u00e7erezler kullan\u0131c\u0131 ad\u0131 vb. ki\u015fisel bilgilerinizi i\u00e7erebilir. Ki\u015fisel veri i\u015flenmesi s\u00f6z konusu oldu\u011fu takdirde G\u00fczelda\u011f Tekstil \u2019in Ki\u015fisel Verilerin Korunmas\u0131 Hakk\u0131nda Politikalar\u0131na ve Ayd\u0131nlatma Metinlerine uygun olarak a\u00e7\u0131k r\u0131za al\u0131nmas\u0131 gerekti\u011fi hallerde r\u0131zan\u0131z al\u0131narak veri i\u015fleme faaliyeti ger\u00e7ekle\u015ftirilecektir.<\/p>\n\n\n\n<p><strong>Ticari \u00e7erezler<\/strong> ise ilgi alanlar\u0131n\u0131z ve se\u00e7imleriniz do\u011frultusunda hedefledi\u011finiz \u00fcr\u00fcn\/i\u00e7eri\u011fe benzer nitelikli olanlar\u0131n sunulmas\u0131 ve daha geli\u015fmi\u015f, ki\u015fiselle\u015ftirilmi\u015f bir reklam portf\u00f6y\u00fc sunarak kullan\u0131m deneyiminizi art\u0131rmaya yarar.<\/p>\n\n\n\n<p><strong>\u00dc\u00e7\u00fcnc\u00fc Parti \u00c7erezler:<\/strong> G\u00fczelda\u011f Tekstil internet siteleri\/mobil uygulamalar\u0131\/mobil internet siteleri \u00fc\u00e7\u00fcnc\u00fc parti g\u00fcvenilir, tan\u0131nm\u0131\u015f reklam sa\u011flay\u0131c\u0131lar\u0131yla \u00e7al\u0131\u015fmaktad\u0131r. \u00dc\u00e7\u00fcnc\u00fc parti hizmet sa\u011flay\u0131c\u0131lar size \u00f6zel reklamlar\u0131 sunabilmek i\u00e7in kendi \u00e7erezlerini yerle\u015ftirmektedirler. \u00dc\u00e7\u00fcnc\u00fc parti taraf\u0131ndan yerle\u015ftirilen \u00e7erezler internet sitelerinde ziyaret\u00e7ilerin gezinme bilgilerini toplar, i\u015fler ve nas\u0131l kulland\u0131klar\u0131n\u0131 analiz eder.<\/p>\n\n\n\n<p><strong>\u00c7erez \u0130zinleri:<\/strong> G\u00fczelda\u011f Tekstil \u2019e ait internet siteleri\/mobil uygulamalar\u0131\/mobil internet sitelerini kullanarak \u00e7erezlerin Politika kapsam\u0131nda uyumlu \u015fekilde kullan\u0131lmas\u0131na onay vermi\u015f olursunuz. Elektronik cihaz\u0131n\u0131zda \u00c7erez uygulamalar\u0131m\u0131z\u0131 kabul etmek istemiyorsan\u0131z \u00c7erez uygulamas\u0131n\u0131 reddedebilirsiniz. \u00c7erezleri reddetmeniz durumunda internet sitemiz veya mobil uygulamalar\u0131m\u0131z gerekti\u011fi gibi \u00e7al\u0131\u015fmayabilir veya talep etti\u011finiz hizmetlerin sunulmas\u0131 s\u0131ras\u0131nda aksakl\u0131klara neden olabilir.<\/p>\n\n\n\n<p>\u00c7erezlerin kullan\u0131m\u0131 hakk\u0131nda bilgilendirme G\u00fczelda\u011f Tekstil \u2019e ait internet siteleri\/mobil uygulamalar\u0131\/mobil internet sitelerine yap\u0131lacak ilk ziyarette a\u00e7\u0131l\u0131r pencere ile verilecektir. Bu pencereyi kapatt\u0131\u011f\u0131n\u0131zda kabul etmi\u015f say\u0131lacaks\u0131n\u0131z.<\/p>\n\n\n\n<h2 class=\"wp-block-heading\">Kullan\u0131lan \u00c7erez T\u00fcrleri<\/h2>\n\n\n\n<p>Kullan\u0131lmas\u0131 Zorunlu Olan \u00c7erezler: Bu \u00e7erezler, web sitesinin d\u00fczg\u00fcn \u015fekilde \u00e7al\u0131\u015fmas\u0131 i\u00e7in mutlaka gerekli olan \u00e7erezlerdir. Bu \u00e7erezlere, sistemin y\u00f6netilebilmesi, sahte i\u015flemlerin \u00f6nlenmesi i\u00e7in ihtiya\u00e7 vard\u0131r ve engellenmesi halinde web sitesi \u00e7al\u0131\u015famayacakt\u0131r.<\/p>\n\n\n\n<p><strong>\u0130\u015flev \u00c7erezleri:<\/strong> Bu \u00e7erezler size daha geli\u015fmi\u015f ve kolay bir kullan\u0131m deneyimi ya\u015fatmak i\u00e7in kullan\u0131lan \u00e7erezlerdir. \u00d6rne\u011fin \u00f6nceki tercihlerinizi hat\u0131rlamak, web sitesi \u00fczerinde yer alan baz\u0131 i\u00e7eriklere rahat\u00e7a eri\u015fmenizi sa\u011flamak i\u015flevlerini yerine getirmektedir. Taray\u0131c\u0131 ayarlar\u0131n\u0131zdan bu \u00e7erezlerin kullan\u0131m\u0131n\u0131 engelleyebilirsiniz.<\/p>\n\n\n\n<p><strong>Analiz\/Performans \u00c7erezleri:<\/strong> Bu \u00e7erezler, web sitesinin i\u015fleyi\u015finizi analiz edip anlam\u0131m\u0131z\u0131 sa\u011flayan ve sizinle etkile\u015fime ge\u00e7erek web sitesini geli\u015ftirebilmemizi sa\u011flamaktad\u0131r. Taray\u0131c\u0131 ayarlar\u0131n\u0131zdan bu \u00e7erezlerin kullan\u0131m\u0131n\u0131 engelleyebilirsiniz.<\/p>\n\n\n\n<p><strong>Hedefleme\/Reklam \u00c7erezleri: <\/strong>Bu \u00e7erezler, size, reklam i\u00e7erikleri de dahil olmak \u00fczere, ilginizi \u00e7ekebilecek i\u00e7erikleri saptayarak sunmam\u0131z i\u00e7in kullan\u0131lmaktad\u0131r. Taray\u0131c\u0131 ayarlar\u0131n\u0131zdan bu \u00e7erezlerin kullan\u0131m\u0131n\u0131 engelleyebilirsiniz. Ancak bu \u00e7erezleri engellemeniz, reklam i\u00e7eriklerini tamamen engellemeyecek sadece sizin ilginizi \u00e7ekebilecek olan reklamlar yerine genel i\u00e7erikli reklamlar sunulacakt\u0131r.<\/p>\n\n\n\n<h2 class=\"wp-block-heading\">Kullan\u0131c\u0131 Onay\u0131<\/h2>\n\n\n\n<p>Web sitemizi kullanarak \u00e7erezlerin kullan\u0131lmas\u0131n\u0131 kabul etmi\u015f olursunuz.<\/p>\n\n\n\n<h2 class=\"wp-block-heading\">\u00c7erezleri Y\u00f6netme<\/h2>\n\n\n\n<p>Taray\u0131c\u0131 ayarlar\u0131ndan \u00e7erez tercihlerinizi de\u011fi\u015ftirebilirsiniz.<\/p>\n\n\n\n<h2 class=\"wp-block-heading\">Politika De\u011fi\u015fiklikleri<\/h2>\n\n\n\n<p>Bu politika zaman zaman g\u00fcncellenebilir. Herhangi bir de\u011fi\u015fiklik yap\u0131ld\u0131\u011f\u0131nda web sitemizde yay\u0131nlanacakt\u0131r.<\/p>\n\n\n\n<p><strong>Domain ad\u0131<\/strong>: www.guzeldagtekstil.com.tr <strong>Tarama frekans\u0131<\/strong>: Ayl\u0131k<\/p>\n\n\n\n<p>Bu web-sitesinde \u00e7erezler kullan\u0131lmaktad\u0131r.<\/p>\n\n\n\n<p>\u0130\u00e7eri\u011fi ve reklamlar\u0131 ki\u015fiselle\u015ftirmek, sosyal medya \u00f6zellikleri sunmak ve trafi\u011fi analiz etmek i\u00e7in \u00e7erezler kullan\u0131yoruz. &#8220;Ayr\u0131nt\u0131lar\u0131 G\u00f6ster&#8221;e t\u0131klayarak detaylar\u0131 g\u00f6rebilir, \u00e7erez se\u00e7imi yapabilirsiniz.<\/p>\n\n\n\n<p>Ki\u015fisel Verilerin Korunmas\u0131, Gizlilik ve \u00c7erez (Cookie) Politikas\u0131 hakk\u0131nda daha fazla bilgiye buradan ula\u015fabilirsiniz.<\/p>\n\n\n\n<p>\u00c7erezler, web-sitelerinin, kullan\u0131c\u0131lar\u0131n deneyimlerini daha verimli hale getirmek amac\u0131yla kulland\u0131\u011f\u0131 k\u00fc\u00e7\u00fck metin dosyalar\u0131d\u0131r.<\/p>\n\n\n\n<p>Yasalara g\u00f6re, bu sitenin i\u015fletilmesi i\u00e7in kesinlikle gerekli olan \u00e7erezleri cihaz\u0131n\u0131za yerle\u015ftirebiliyoruz. Di\u011fer \u00e7erez t\u00fcrleri i\u00e7in sizden izin almam\u0131z gerekiyor.<\/p>\n\n\n\n<p>Bu site farkl\u0131 \u00e7erez t\u00fcrleri kullanmaktad\u0131r. Baz\u0131 \u00e7erezler, sayfalar\u0131m\u0131zda yer alan \u00fc\u00e7\u00fcnc\u00fc \u015fah\u0131s hizmetleri taraf\u0131ndan yerle\u015ftirilir.<\/p>\n\n\n\n<p>Web sitemizde \u00c7erez Beyan\u0131ndan kabul\u00fcn\u00fcz\u00fc diledi\u011finiz zaman de\u011fi\u015ftirebilir veya geri \u00e7ekebilirsiniz.<\/p>\n\n\n\n<p>Kim oldu\u011fumuz, bizimle nas\u0131l ileti\u015fime ge\u00e7ebilece\u011finiz ve ki\u015fisel verilerinizi nas\u0131l kulland\u0131\u011f\u0131m\u0131z hakk\u0131nda daha fazla bilgiyi Gizlilik Politikam\u0131zda \u00f6\u011frenebilirsiniz.<\/p>\n\n\n\n<p>L\u00fctfen onay\u0131n\u0131zla ilgili bizimle ileti\u015fime ge\u00e7ti\u011finizde onay kimli\u011finizi ve tarihinizi belirtin.<\/p>\n\n\n\n<p><strong>Ge\u00e7erli durumu<\/strong>: T\u00fcm\u00fcne izin ver (Gerekli, \u0130\u015flevsel, Analitik, Performans, Reklam)<\/p>\n\n\n\n<p><strong>Gerekli (1)<\/strong><br>Gerekli \u00e7erezler, sayfada gezinme ve web-sitesinin g\u00fcvenli alanlar\u0131na eri\u015fim gibi temel i\u015flevleri sa\u011flayarak web-sitesinin daha kullan\u0131\u015fl\u0131 hale getirilmesine yard\u0131mc\u0131 olur. Web-sitesi bu \u00e7erezler olmadan do\u011fru bir \u015fekilde i\u015flev g\u00f6steremez.<\/p>\n\n\n\n<figure class=\"wp-block-table\"><table><tbody><tr><td>Ad\u0131<\/td><td>Sa\u011flay\u0131c\u0131<\/td><td>Maksat<\/td><td>Son Kullanma Tarihi<\/td><td>T\u00fcr\u00fc<\/td><\/tr><tr><td>_ga<\/td><td>tagmanager.google.com<\/td><td>Ziyaret\u00e7inin web sitesini nas\u0131l kulland\u0131\u011f\u0131na ili\u015fkin istatistiksel veriler olu\u015fturmak i\u00e7in kullan\u0131lan benzersiz bir kimlik kaydeder.<br>Google Analytics, bu \u00e7erezi sayfa g\u00f6r\u00fcnt\u00fclerini depolamak ve saymak i\u00e7in kullan\u0131r.<\/td><td>Min. : 72 g\u00fcn GDPR<br>Mak. : 399 g\u00fcn KVKK<\/td><td>HTTP<br>Cookie<\/td><\/tr><\/tbody><\/table><\/figure>\n\n\n\n<p><strong>\u00c7erez Y\u00f6netimi: <\/strong>\u00c7erezleri devre d\u0131\u015f\u0131 b\u0131rakana kadar depolanm\u0131\u015f olan \u00e7erez verilerini y\u00f6netebilir ve temizleyebilirsiniz. Bu ayarlar\u0131n yeri kulland\u0131\u011f\u0131n\u0131z taray\u0131c\u0131ya g\u00f6re de\u011fi\u015fmektedir. Taray\u0131c\u0131n\u0131zdaki &#8220;Yard\u0131m&#8221; fonksiyonunu kullanarak ilgili ayarlar\u0131n yerini bulabilirsiniz.<\/p>\n","protected":false},"excerpt":{"rendered":"<p>G\u00dcZELDA\u011e TEKST\u0130L DER\u0130C\u0130L\u0130K SANAY\u0130 VE T\u0130CARET L\u0130M\u0130TED \u015e\u0130RKET\u0130\u00c7EREZ POL\u0130T\u0130KASI \u0130\u015fbu \u00c7erez Politikas\u0131 (k\u0131saca \u201cPolitika\u201d olarak an\u0131lacakt\u0131r.); G\u00fczelda\u011f Tekstil Dericilik Sanayi ve Ticaret Limited \u015eirketi (bundan b\u00f6yle \u201cG\u00fczelda\u011f Tekstil\u201d olarak an\u0131lacakt\u0131r.) taraf\u0131ndan y\u00fcr\u00fct\u00fclen internet siteleri ve mobil platformlar, \u00fc\u00e7\u00fcnc\u00fc parti programlar veya internet siteleri \u00fczerinden eri\u015filen, kullan\u0131lan platformlar\u0131n hepsi i\u00e7in ge\u00e7erlidir. Web sitemize \u015fahsi herhangi bir [&hellip;]<\/p>\n","protected":false},"author":2,"featured_media":0,"parent":0,"menu_order":0,"comment_status":"closed","ping_status":"closed","template":"","meta":{"footnotes":""},"_links":{"self":[{"href":"https:\/\/www.guzeldagtekstil.com.tr\/tr\/wp-json\/wp\/v2\/pages\/546"}],"collection":[{"href":"https:\/\/www.guzeldagtekstil.com.tr\/tr\/wp-json\/wp\/v2\/pages"}],"about":[{"href":"https:\/\/www.guzeldagtekstil.com.tr\/tr\/wp-json\/wp\/v2\/types\/page"}],"author":[{"embeddable":true,"href":"https:\/\/www.guzeldagtekstil.com.tr\/tr\/wp-json\/wp\/v2\/users\/2"}],"replies":[{"embeddable":true,"href":"https:\/\/www.guzeldagtekstil.com.tr\/tr\/wp-json\/wp\/v2\/comments?post=546"}],"version-history":[{"count":3,"href":"https:\/\/www.guzeldagtekstil.com.tr\/tr\/wp-json\/wp\/v2\/pages\/546\/revisions"}],"predecessor-version":[{"id":561,"href":"https:\/\/www.guzeldagtekstil.com.tr\/tr\/wp-json\/wp\/v2\/pages\/546\/revisions\/561"}],"wp:attachment":[{"href":"https:\/\/www.guzeldagtekstil.com.tr\/tr\/wp-json\/wp\/v2\/media?parent=546"}],"curies":[{"name":"wp","href":"https:\/\/api.w.org\/{rel}","templated":true}]}}