{"id":326,"date":"2023-11-10T11:21:56","date_gmt":"2023-11-10T08:21:56","guid":{"rendered":"https:\/\/www.guzeldagtekstil.com.tr\/tr\/?page_id=326"},"modified":"2023-11-13T17:13:49","modified_gmt":"2023-11-13T14:13:49","slug":"emprime-baski","status":"publish","type":"page","link":"https:\/\/www.guzeldagtekstil.com.tr\/tr\/emprime-baski","title":{"rendered":"Emprime Bask\u0131"},"content":{"rendered":"<div class=\"singleHeading\">\n\t<div class=\"inner\">\n\t\t<span class=\"safiricon icon\"><svg class=\"safiricon-alinti\"><use href=\"#safiricon-alinti\"><\/use><\/svg><\/span>\t\t<h2 class=\"text\">Emprime Bask\u0131: Sanat\u0131n Kuma\u015flara Dokunu\u015fu!<\/h2>\n\t<\/div>\n<\/div>\n\n\n<p>Tekstil end\u00fcstrisindeki yenilikler, tasar\u0131mc\u0131lara ve markalara kuma\u015flara benzersiz bir estetik kazand\u0131rma konusunda \u00e7e\u015fitli y\u00f6ntemler sunmaktad\u0131r. Bu y\u00f6ntemlerin aras\u0131nda \u00f6ne \u00e7\u0131kanlardan biri de emprime bask\u0131d\u0131r. Emprime bask\u0131, tasar\u0131m\u0131n kuma\u015fa do\u011frudan uygulanmas\u0131 prensibi \u00fczerine kurulmu\u015ftur. Bu y\u00f6ntem, m\u00fcrekkebin kuma\u015fa do\u011frudan n\u00fcfuz etmesini sa\u011flar, bu da renklerin canl\u0131l\u0131\u011f\u0131n\u0131 ve detaylar\u0131n belirginli\u011fini art\u0131r\u0131r.<\/p>\n\n\n\n<p>Emprime bask\u0131, \u00e7e\u015fitli kuma\u015f t\u00fcrlerine uyum sa\u011flayabilme \u00f6zelli\u011fi ile dikkat \u00e7eker. Pamuk, polyester, keten, ipek gibi farkl\u0131 dokular emprime bask\u0131n\u0131n uygulanabilece\u011fi malzemeler aras\u0131ndad\u0131r. Bu, tasar\u0131mc\u0131lara ve \u00fcreticilere geni\u015f bir yelpazede malzeme se\u00e7enekleri sunarak yarat\u0131c\u0131l\u0131klar\u0131n\u0131 daha fazla ifade etme f\u0131rsat\u0131 tan\u0131r.<\/p>\n\n\n\n<p>Y\u00fcksek kaliteli sonu\u00e7lar elde etme kapasitesi, emprime bask\u0131y\u0131 moda d\u00fcnyas\u0131nda tercih edilen bir teknik haline getirir. Detayl\u0131 desenler, g\u00f6z al\u0131c\u0131 renk tonlar\u0131 ve dayan\u0131kl\u0131l\u0131k, emprime bask\u0131n\u0131n \u00f6ne \u00e7\u0131kan avantajlar\u0131 aras\u0131nda yer al\u0131r. Ayr\u0131ca, bu bask\u0131 tekni\u011fi \u00e7evre dostu se\u00e7eneklerle de uyumlu olabilir, su bazl\u0131 m\u00fcrekkeplerin kullan\u0131m\u0131yla \u00e7evresel etkiyi minimuma indirir.<\/p>\n\n\n\n<p>Sonu\u00e7 olarak, emprime bask\u0131, tasar\u0131mc\u0131lar i\u00e7in \u00f6zg\u00fcn ve s\u00fcrd\u00fcr\u00fclebilir giyim par\u00e7alar\u0131 yaratma konusunda g\u00fc\u00e7l\u00fc bir ara\u00e7t\u0131r. Kuma\u015flara sanat\u0131n dokunu\u015funu ekleyerek, modan\u0131n s\u0131n\u0131rlar\u0131n\u0131 geni\u015fletir ve sekt\u00f6rde benzersiz bir iz b\u0131rakma f\u0131rsat\u0131 sunar.<\/p>\n","protected":false},"excerpt":{"rendered":"<p>Tekstil end\u00fcstrisindeki yenilikler, tasar\u0131mc\u0131lara ve markalara kuma\u015flara benzersiz bir estetik kazand\u0131rma konusunda \u00e7e\u015fitli y\u00f6ntemler sunmaktad\u0131r. Bu y\u00f6ntemlerin aras\u0131nda \u00f6ne \u00e7\u0131kanlardan biri de emprime bask\u0131d\u0131r. Emprime bask\u0131, tasar\u0131m\u0131n kuma\u015fa do\u011frudan uygulanmas\u0131 prensibi \u00fczerine kurulmu\u015ftur. Bu y\u00f6ntem, m\u00fcrekkebin kuma\u015fa do\u011frudan n\u00fcfuz etmesini sa\u011flar, bu da renklerin canl\u0131l\u0131\u011f\u0131n\u0131 ve detaylar\u0131n belirginli\u011fini art\u0131r\u0131r. Emprime bask\u0131, \u00e7e\u015fitli kuma\u015f t\u00fcrlerine uyum [&hellip;]<\/p>\n","protected":false},"author":1,"featured_media":383,"parent":0,"menu_order":0,"comment_status":"closed","ping_status":"closed","template":"pages\/page-widget.php","meta":{"footnotes":""},"_links":{"self":[{"href":"https:\/\/www.guzeldagtekstil.com.tr\/tr\/wp-json\/wp\/v2\/pages\/326"}],"collection":[{"href":"https:\/\/www.guzeldagtekstil.com.tr\/tr\/wp-json\/wp\/v2\/pages"}],"about":[{"href":"https:\/\/www.guzeldagtekstil.com.tr\/tr\/wp-json\/wp\/v2\/types\/page"}],"author":[{"embeddable":true,"href":"https:\/\/www.guzeldagtekstil.com.tr\/tr\/wp-json\/wp\/v2\/users\/1"}],"replies":[{"embeddable":true,"href":"https:\/\/www.guzeldagtekstil.com.tr\/tr\/wp-json\/wp\/v2\/comments?post=326"}],"version-history":[{"count":18,"href":"https:\/\/www.guzeldagtekstil.com.tr\/tr\/wp-json\/wp\/v2\/pages\/326\/revisions"}],"predecessor-version":[{"id":454,"href":"https:\/\/www.guzeldagtekstil.com.tr\/tr\/wp-json\/wp\/v2\/pages\/326\/revisions\/454"}],"wp:featuredmedia":[{"embeddable":true,"href":"https:\/\/www.guzeldagtekstil.com.tr\/tr\/wp-json\/wp\/v2\/media\/383"}],"wp:attachment":[{"href":"https:\/\/www.guzeldagtekstil.com.tr\/tr\/wp-json\/wp\/v2\/media?parent=326"}],"curies":[{"name":"wp","href":"https:\/\/api.w.org\/{rel}","templated":true}]}}