{"id":282,"date":"2023-11-03T17:29:49","date_gmt":"2023-11-03T14:29:49","guid":{"rendered":"https:\/\/www.guzeldagtekstil.com.tr\/tr\/?page_id=282"},"modified":"2023-11-15T13:19:57","modified_gmt":"2023-11-15T10:19:57","slug":"hakkimizda","status":"publish","type":"page","link":"https:\/\/www.guzeldagtekstil.com.tr\/tr\/kurumsal\/hakkimizda","title":{"rendered":"Hakk\u0131m\u0131zda"},"content":{"rendered":"\n<p>Tekstil sekt\u00f6r\u00fcnde, kuma\u015f boya, bask\u0131 ve apre alanlar\u0131nda uzun y\u0131llard\u0131r faaliyet g\u00f6steren firmam\u0131z, sekt\u00f6rdeki k\u00f6kl\u00fc ge\u00e7mi\u015fi ve deneyimi ile \u00f6ne \u00e7\u0131kmaktad\u0131r. K\u00f6kenleri 1960&#8217;l\u0131 y\u0131llarda manifaturac\u0131l\u0131kla ba\u015flayan firmam\u0131z, o g\u00fcnden bu yana sekt\u00f6rdeki d\u00f6n\u00fc\u015f\u00fcmlere \u00f6nc\u00fcl\u00fck etmi\u015f ve m\u00fc\u015fterilerine kalite, yenilik ve g\u00fcven sunmaya devam etmektedir.<\/p>\n\n\n\n<p>1996 y\u0131l\u0131nda Bursa Yenice Organize Sanayi B\u00f6lgesi&#8217;nde kurdu\u011fumuz 14.000 m2 kapal\u0131 \u00fcretim tesisi, sekt\u00f6rdeki varl\u0131\u011f\u0131m\u0131z\u0131 daha da g\u00fc\u00e7lendirdi. Bu modern tesiste, 150 \u00e7al\u0131\u015fan\u0131m\u0131zla birlikte son y\u0131llarda yap\u0131lan yat\u0131r\u0131mlar sayesinde ula\u015ft\u0131\u011f\u0131m\u0131z y\u00fcksek \u00fcretim kapasitesi, bizi hem i\u00e7 pazarda hem de uluslararas\u0131 arenada tan\u0131nm\u0131\u015f bir oyuncu haline getirmi\u015ftir.<\/p>\n\n\n\n<p>\u00dcr\u00fcnlerimiz, en y\u00fcksek kalite standartlar\u0131n\u0131 kar\u015f\u0131lamakla kalm\u0131yor, ayn\u0131 zamanda estetik ve tasar\u0131m a\u00e7\u0131s\u0131ndan da be\u011feni topluyor. M\u00fc\u015fterilerimize g\u00fcvenilir, dayan\u0131kl\u0131 ve \u015f\u0131k \u00fcr\u00fcnler sunmak i\u00e7in s\u00fcrekli olarak Ar-Ge \u00e7al\u0131\u015fmalar\u0131n\u0131 s\u00fcrd\u00fcr\u00fcyoruz ve pazardaki trendleri yak\u0131ndan takip ediyoruz.<\/p>\n\n\n\n<p>Kurulu\u015fumuzdan bu yana \u00fcretim kapasitemizi ve metraj\u0131m\u0131z\u0131 s\u00fcrekli olarak art\u0131rman\u0131n yan\u0131 s\u0131ra, kaliteyi ve m\u00fc\u015fteri memnuniyetini her zaman \u00f6n planda tuttuk. \u015eirketimiz, gelecek nesillere de\u011ferli bir miras b\u0131rakma misyonunu ta\u015f\u0131makta ve bu misyonu her ge\u00e7en g\u00fcn daha da g\u00fc\u00e7lendirmektedir. M\u00fc\u015fterilerimiz ve i\u015f ortaklar\u0131m\u0131zla olan uzun vadeli ili\u015fkilerimize olan ba\u011fl\u0131l\u0131\u011f\u0131m\u0131z\u0131 s\u00fcrd\u00fcrerek, sekt\u00f6rdeki liderli\u011fimizi koruma kararl\u0131l\u0131\u011f\u0131n\u0131 ta\u015f\u0131yoruz.<\/p>\n\n\n\n<p>Biz, kuma\u015f boya, bask\u0131 ve apre konusundaki uzmanl\u0131\u011f\u0131m\u0131z\u0131 s\u00fcrd\u00fcrerek, hem i\u00e7 pazar hem de uluslararas\u0131 pazarda m\u00fc\u015fterilerimize kaliteli, yenilik\u00e7i ve \u00e7evre dostu \u00fcr\u00fcnler sunmay\u0131 taahh\u00fct ediyoruz.<\/p>\n","protected":false},"excerpt":{"rendered":"<p>Tekstil sekt\u00f6r\u00fcnde, kuma\u015f boya, bask\u0131 ve apre alanlar\u0131nda uzun y\u0131llard\u0131r faaliyet g\u00f6steren firmam\u0131z, sekt\u00f6rdeki k\u00f6kl\u00fc ge\u00e7mi\u015fi ve deneyimi ile \u00f6ne \u00e7\u0131kmaktad\u0131r. K\u00f6kenleri 1960&#8217;l\u0131 y\u0131llarda manifaturac\u0131l\u0131kla ba\u015flayan firmam\u0131z, o g\u00fcnden bu yana sekt\u00f6rdeki d\u00f6n\u00fc\u015f\u00fcmlere \u00f6nc\u00fcl\u00fck etmi\u015f ve m\u00fc\u015fterilerine kalite, yenilik ve g\u00fcven sunmaya devam etmektedir. 1996 y\u0131l\u0131nda Bursa Yenice Organize Sanayi B\u00f6lgesi&#8217;nde kurdu\u011fumuz 14.000 m2 kapal\u0131 [&hellip;]<\/p>\n","protected":false},"author":2,"featured_media":0,"parent":279,"menu_order":0,"comment_status":"closed","ping_status":"closed","template":"","meta":{"footnotes":""},"_links":{"self":[{"href":"https:\/\/www.guzeldagtekstil.com.tr\/tr\/wp-json\/wp\/v2\/pages\/282"}],"collection":[{"href":"https:\/\/www.guzeldagtekstil.com.tr\/tr\/wp-json\/wp\/v2\/pages"}],"about":[{"href":"https:\/\/www.guzeldagtekstil.com.tr\/tr\/wp-json\/wp\/v2\/types\/page"}],"author":[{"embeddable":true,"href":"https:\/\/www.guzeldagtekstil.com.tr\/tr\/wp-json\/wp\/v2\/users\/2"}],"replies":[{"embeddable":true,"href":"https:\/\/www.guzeldagtekstil.com.tr\/tr\/wp-json\/wp\/v2\/comments?post=282"}],"version-history":[{"count":19,"href":"https:\/\/www.guzeldagtekstil.com.tr\/tr\/wp-json\/wp\/v2\/pages\/282\/revisions"}],"predecessor-version":[{"id":521,"href":"https:\/\/www.guzeldagtekstil.com.tr\/tr\/wp-json\/wp\/v2\/pages\/282\/revisions\/521"}],"up":[{"embeddable":true,"href":"https:\/\/www.guzeldagtekstil.com.tr\/tr\/wp-json\/wp\/v2\/pages\/279"}],"wp:attachment":[{"href":"https:\/\/www.guzeldagtekstil.com.tr\/tr\/wp-json\/wp\/v2\/media?parent=282"}],"curies":[{"name":"wp","href":"https:\/\/api.w.org\/{rel}","templated":true}]}}